{"id":1593,"date":"2015-05-09T18:57:11","date_gmt":"2015-05-09T17:57:11","guid":{"rendered":"http:\/\/www.gimnasticterrassa.cat\/?page_id=1593"},"modified":"2019-05-15T15:25:33","modified_gmt":"2019-05-15T14:25:33","slug":"campus-estiu-2015","status":"publish","type":"page","link":"http:\/\/www.gimnasticterrassa.cat\/?page_id=1593","title":{"rendered":"CAMPUS D&#8217;ESTIU 2019"},"content":{"rendered":"<p><a href=\"http:\/\/www.gimnasticterrassa.cat\/wp-content\/uploads\/2019\/05\/ANUNCI-VALLPARADIS-2019.jpg\"><img loading=\"lazy\" decoding=\"async\" data-attachment-id=\"2129\" data-permalink=\"http:\/\/www.gimnasticterrassa.cat\/?attachment_id=2129\" data-orig-file=\"http:\/\/www.gimnasticterrassa.cat\/wp-content\/uploads\/2019\/05\/ANUNCI-VALLPARADIS-2019.jpg\" data-orig-size=\"1131,1600\" data-comments-opened=\"1\" data-image-meta=\"{&quot;aperture&quot;:&quot;0&quot;,&quot;credit&quot;:&quot;&quot;,&quot;camera&quot;:&quot;&quot;,&quot;caption&quot;:&quot;&quot;,&quot;created_timestamp&quot;:&quot;0&quot;,&quot;copyright&quot;:&quot;&quot;,&quot;focal_length&quot;:&quot;0&quot;,&quot;iso&quot;:&quot;0&quot;,&quot;shutter_speed&quot;:&quot;0&quot;,&quot;title&quot;:&quot;&quot;,&quot;orientation&quot;:&quot;0&quot;}\" data-image-title=\"ANUNCI VALLPARADIS 2019\" data-image-description=\"\" data-image-caption=\"\" data-medium-file=\"http:\/\/www.gimnasticterrassa.cat\/wp-content\/uploads\/2019\/05\/ANUNCI-VALLPARADIS-2019-212x300.jpg\" data-large-file=\"http:\/\/www.gimnasticterrassa.cat\/wp-content\/uploads\/2019\/05\/ANUNCI-VALLPARADIS-2019-724x1024.jpg\" class=\" wp-image-2129 aligncenter\" src=\"http:\/\/www.gimnasticterrassa.cat\/wp-content\/uploads\/2019\/05\/ANUNCI-VALLPARADIS-2019-212x300.jpg\" alt=\"\" width=\"405\" height=\"573\" srcset=\"http:\/\/www.gimnasticterrassa.cat\/wp-content\/uploads\/2019\/05\/ANUNCI-VALLPARADIS-2019-212x300.jpg 212w, http:\/\/www.gimnasticterrassa.cat\/wp-content\/uploads\/2019\/05\/ANUNCI-VALLPARADIS-2019-768x1086.jpg 768w, http:\/\/www.gimnasticterrassa.cat\/wp-content\/uploads\/2019\/05\/ANUNCI-VALLPARADIS-2019-724x1024.jpg 724w, http:\/\/www.gimnasticterrassa.cat\/wp-content\/uploads\/2019\/05\/ANUNCI-VALLPARADIS-2019-156x220.jpg 156w, http:\/\/www.gimnasticterrassa.cat\/wp-content\/uploads\/2019\/05\/ANUNCI-VALLPARADIS-2019.jpg 1131w\" sizes=\"(max-width: 405px) 100vw, 405px\" \/><\/a><\/p>\n<p>Us presentem el Campus d&#8217;Estiu 2019. En aquesta edici\u00f3 reforcem la vessant de perfeccionament gimn\u00e0stic sense deixar de banda la diversitat d&#8217;activitats que ha caracteritzat el nostre campus en anys anteriors.<\/p>\n<p>El Campus s&#8217;estructura en dos apartats: El Campus gimn\u00e0stic i de perfeccionament, i el campus esportiu amb diverses activitats a m\u00e9s de la gimn\u00e0stica.<\/p>\n<p>El <strong>Campus de Gimn\u00e0stica Art\u00edstica<\/strong>, destinat a les i els gimnastes que, b\u00e9 siguin d&#8217;iniciaci\u00f3 o d&#8217;un determinat nivell, volen continuar gaudint d&#8217;aquest esport i millorar t\u00e8cnicament. El Campus ser\u00e0 supervisat per les nostres entrenadores d&#8217;alt rendiment, encap\u00e7alades per la nostra directora t\u00e8cnica, Llu\u00efsa Sierra, amb l&#8217;objectiu que, cada particpant, progressi i experimenti una millora en el\u00a0 seu nivell gimn\u00e0stic. En aquesta modalitat l&#8217;activitat principal ser\u00e0 la gimn\u00e0stica, acompanyat de sortides al parc de Vallparad\u00eds i ocasionalment a la piscina.<\/p>\n<p>Com a complement a la tasca que desenvolupar\u00e0 el nostre equip t\u00e8cnic, incorporarem sessions amb professors externs per a la millora t\u00e8cnica i de l&#8217;expressi\u00f3 corporal que concretarem abans de l&#8217;inici del campus.<\/p>\n<p>El <strong>Campus esportiu<\/strong> est\u00e0 destinat a nenes i nens de totes les edats que a banda de fer gimn\u00e0stica vulguin realitzar altres activitats, com classes de ball, altres activitats f\u00edsiques al centre, jocs, tallers i sortides. L&#8217;objectiu d&#8217;aquest campus, a difer\u00e8ncia del gimn\u00e0stica, \u00e9s b\u00e0sicament l\u00fadic, i es planteja com una presa de contacte amb la gimn\u00e0stica, que \u00e9s l&#8217;especialitat del club, combinat amb moltes altres alternatives<\/p>\n<p style=\"font-weight: 400;\">El\u00a0<strong>Campus<\/strong>\u00a0constar\u00e0 de dues fases, una primera del 25 de juny al 2 d\u2019agost, i una segona del 2 al 10 de setembre. Els horaris seran de 9 del mat\u00ed a 17:00, o la possibilitat de fer nom\u00e9s matins (de 9:00 a 13:30) o tardes (de 15:30 a 17:00) incloent o no dinar (de 13:30 a 15:30).\u00a0El\u00a0campus\u00a0de setembre es desenvolupar\u00e0 nom\u00e9s en horari de matins<\/p>\n<p style=\"font-weight: 400;\"><strong>\u00a0<\/strong><strong>Els preus del\u00a0campus\u00a0seran els seg\u00fcents:<\/strong><\/p>\n<table style=\"font-weight: 400;\" width=\"612\">\n<tbody>\n<tr>\n<td width=\"196\"><\/td>\n<td colspan=\"2\" width=\"212\"><strong>SETMANA LLARGA<\/strong><\/td>\n<td width=\"12\"><strong>\u00a0<\/strong><\/td>\n<td colspan=\"2\" width=\"192\"><strong>SETMANA CURTA<\/strong><\/td>\n<\/tr>\n<tr>\n<td width=\"196\"><strong>\u00a0<\/strong><\/td>\n<td width=\"116\"><strong>NO SOCI<\/strong><\/td>\n<td width=\"96\"><strong>SOCI<\/strong><\/td>\n<td width=\"12\"><strong>\u00a0<\/strong><\/td>\n<td width=\"96\"><strong>NO SOCI<\/strong><\/td>\n<td width=\"96\"><strong>SOCI<\/strong><\/td>\n<\/tr>\n<tr>\n<td width=\"196\"><strong>SETMANA COMPLET<\/strong><\/td>\n<td width=\"116\"><strong>89,00 \u20ac<\/strong><\/td>\n<td width=\"96\"><strong>78,00 \u20ac<\/strong><\/td>\n<td width=\"12\"><strong>\u00a0<\/strong><\/td>\n<td width=\"96\"><strong>71,00 \u20ac<\/strong><\/td>\n<td width=\"96\"><strong>62,00 \u20ac<\/strong><\/td>\n<\/tr>\n<tr>\n<td width=\"196\"><strong>SETMANA MATI<\/strong><\/td>\n<td width=\"116\"><strong>70,00 \u20ac<\/strong><\/td>\n<td width=\"96\"><strong>60,00 \u20ac<\/strong><\/td>\n<td width=\"12\"><strong>\u00a0<\/strong><\/td>\n<td width=\"96\"><strong>56,00 \u20ac<\/strong><\/td>\n<td width=\"96\"><strong>48,00 \u20ac<\/strong><\/td>\n<\/tr>\n<tr>\n<td width=\"196\"><strong>SETMANA TARDA<\/strong><\/td>\n<td width=\"116\"><strong>28,00 \u20ac<\/strong><\/td>\n<td width=\"96\"><strong>23,00 \u20ac<\/strong><\/td>\n<td width=\"12\"><strong>\u00a0<\/strong><\/td>\n<td width=\"96\"><strong>22,00 \u20ac<\/strong><\/td>\n<td width=\"96\"><strong>18,00 \u20ac<\/strong><\/td>\n<\/tr>\n<tr>\n<td width=\"196\"><strong>\u00a0<\/strong><\/td>\n<td width=\"116\"><\/td>\n<td width=\"96\"><\/td>\n<td width=\"12\"><strong>\u00a0<\/strong><\/td>\n<td width=\"96\"><\/td>\n<td width=\"96\"><\/td>\n<\/tr>\n<tr>\n<td width=\"196\"><strong>PISCINA*<\/strong><\/td>\n<td width=\"116\">\u00a0\u00a0<strong>6,00 \u20ac<\/strong><\/td>\n<td width=\"96\"><strong>6,00 \u20ac<\/strong><\/td>\n<td width=\"12\"><strong>\u00a0<\/strong><\/td>\n<td width=\"96\"><strong>6,00 \u20ac<\/strong><\/td>\n<td width=\"96\"><strong>6,00 \u20ac<\/strong><\/td>\n<\/tr>\n<tr>\n<td width=\"196\"><strong>DINAR **<\/strong><\/td>\n<td width=\"116\"><strong>40,00 \u20ac<\/strong><\/td>\n<td width=\"96\"><strong>40,00 \u20ac<\/strong><\/td>\n<td width=\"12\"><strong>\u00a0<\/strong><\/td>\n<td width=\"96\"><strong>32,00 \u20ac<\/strong><\/td>\n<td width=\"96\"><strong>32,00 \u20ac<\/strong><\/td>\n<\/tr>\n<tr>\n<td width=\"196\"><strong>SORTIDES **<\/strong><\/td>\n<td width=\"116\"><strong>10,00 \u20ac<\/strong><\/td>\n<td width=\"96\"><strong>10,00 \u20ac<\/strong><\/td>\n<td width=\"12\"><\/td>\n<td width=\"96\"><strong>10,00 \u20ac<\/strong><\/td>\n<td width=\"96\"><strong>10,00 \u20ac<\/strong><\/td>\n<\/tr>\n<tr>\n<td width=\"196\"><\/td>\n<td width=\"116\"><\/td>\n<td width=\"96\"><\/td>\n<td width=\"12\"><\/td>\n<td width=\"96\"><\/td>\n<td width=\"96\"><\/td>\n<\/tr>\n<tr>\n<td width=\"196\"><strong>\u00a0<\/strong><\/td>\n<td width=\"116\"><strong>DESCOMPTES<\/strong><\/td>\n<td width=\"96\"><\/td>\n<td width=\"12\"><\/td>\n<td width=\"96\"><\/td>\n<td width=\"96\"><\/td>\n<\/tr>\n<tr>\n<td width=\"196\"><strong>3-4 SETMANES<\/strong><\/td>\n<td width=\"116\"><strong>5%<\/strong><\/td>\n<td width=\"96\"><\/td>\n<td width=\"12\"><\/td>\n<td width=\"96\"><\/td>\n<td width=\"96\"><\/td>\n<\/tr>\n<tr>\n<td width=\"196\"><strong>MES DE 4 SETMANES<\/strong><\/td>\n<td width=\"116\"><strong>10%<\/strong><\/td>\n<td width=\"96\"><\/td>\n<td width=\"12\"><\/td>\n<td width=\"96\"><\/td>\n<td width=\"96\"><\/td>\n<\/tr>\n<tr>\n<td width=\"196\"><strong>CAMPUS\u00a0COMPLET<\/strong><\/td>\n<td width=\"116\"><strong>15%<\/strong><\/td>\n<td width=\"96\"><\/td>\n<td width=\"12\"><\/td>\n<td width=\"96\"><\/td>\n<td width=\"96\"><\/td>\n<\/tr>\n<\/tbody>\n<\/table>\n<p style=\"font-weight: 400;\">* Les sortides a la piscina s\u00f3n optatives i no tenen descompte<\/p>\n<p style=\"font-weight: 400;\">** Els dinars i les sortides no tenen descompte<\/p>\n<p><b>Els germans tenen un 10% de descompte addicional<\/b><\/p>\n<p>&nbsp;<\/p>\n<p>Per a m\u00e9s informaci\u00f3, deixeu-nos les vostres dades<\/p>\n<div data-test='contact-form' id='contact-form-1593' class='wp-block-jetpack-contact-form-container '>\n<form action='http:\/\/www.gimnasticterrassa.cat\/?page_id=1593#contact-form-1593' method='post' class='contact-form commentsblock'>\n<script>\n\t\t\t( function () {\n\t\t\t\tconst contact_forms = document.getElementsByClassName('contact-form');\n\n\t\t\t\tfor ( const form of contact_forms ) {\n\t\t\t\t\tform.onsubmit = function() {\n\t\t\t\t\t\tconst buttons = form.getElementsByTagName('button');\n\n\t\t\t\t\t\tfor( const button of buttons ) {\n\t\t\t\t\t\t\tbutton.setAttribute('disabled', true);\n\t\t\t\t\t\t}\n\t\t\t\t\t}\n\t\t\t\t}\n\t\t\t} )();\n\t\t<\/script>\n<div style=\"\" class='grunion-field-name-wrap grunion-field-wrap'  >\n<label\n\t\t\t\tfor='g1593-nom'\n\t\t\t\tclass='grunion-field-label name'>Nom<span class=\"grunion-label-required\">(necessari)<\/span><\/label>\n<input\n\t\t\t\t\ttype='text'\n\t\t\t\t\tname='g1593-nom'\n\t\t\t\t\tid='g1593-nom'\n\t\t\t\t\tvalue=''\n\t\t\t\t\tclass='name  grunion-field' \n\t\t\t\t\trequired aria-required='true' \/>\n\t<\/div>\n\n<div style=\"\" class='grunion-field-email-wrap grunion-field-wrap'  >\n<label\n\t\t\t\tfor='g1593-correuelectrnic'\n\t\t\t\tclass='grunion-field-label email'>Correu electr\u00f2nic<span class=\"grunion-label-required\">(necessari)<\/span><\/label>\n<input\n\t\t\t\t\ttype='email'\n\t\t\t\t\tname='g1593-correuelectrnic'\n\t\t\t\t\tid='g1593-correuelectrnic'\n\t\t\t\t\tvalue=''\n\t\t\t\t\tclass='email  grunion-field' \n\t\t\t\t\trequired aria-required='true' \/>\n\t<\/div>\n\n<div style=\"\" class='grunion-field-url-wrap grunion-field-wrap'  >\n<label\n\t\t\t\tfor='g1593-llocweb'\n\t\t\t\tclass='grunion-field-label url'>Lloc web<\/label>\n<input\n\t\t\t\t\ttype='text'\n\t\t\t\t\tname='g1593-llocweb'\n\t\t\t\t\tid='g1593-llocweb'\n\t\t\t\t\tvalue=''\n\t\t\t\t\tclass='url  grunion-field' \n\t\t\t\t\ttitle=\"Introdu\u00efu un URL v\u00e0lid - https:\/\/www.example.com\" oninvalid=\"setCustomValidity(&quot;Introdu\u00efu un URL v\u00e0lid - https:\/\/www.example.com&quot;)\" oninput=\"setCustomValidity(&quot;&quot;)\" pattern=\"(([:\\\/a-zA-Z0-9_\\-]+)?(\\.[a-zA-Z0-9_\\-\\\/]+)+)\" data-type-override=\"url\"  \/>\n\t<\/div>\n\n<div style=\"\" class='grunion-field-textarea-wrap grunion-field-wrap'  >\n<label\n\t\t\t\tfor='contact-form-comment-g1593-missatge'\n\t\t\t\tclass='grunion-field-label textarea'>Missatge<\/label>\n<textarea\n\t\t                style=''\n\t\t                name='g1593-missatge'\n\t\t                id='contact-form-comment-g1593-missatge'\n\t\t                rows='20' class='textarea  grunion-field'  ><\/textarea>\n\t<\/div>\n\t<p class='contact-submit'>\n\t\t<button type='submit' class='pushbutton-wide'>Tramet<\/button>\t\t<input type='hidden' name='contact-form-id' value='1593' \/>\n\t\t<input type='hidden' name='action' value='grunion-contact-form' \/>\n\t\t<input type='hidden' name='contact-form-hash' value='9299bd4392d4418c08f2493221a9af8038e32c5a' \/>\n\t<\/p>\n<p style=\"display: none !important;\"><label>&#916;<textarea name=\"ak_hp_textarea\" cols=\"45\" rows=\"8\" maxlength=\"100\"><\/textarea><\/label><input type=\"hidden\" id=\"ak_js_1\" name=\"ak_js\" value=\"244\"\/><script>document.getElementById( \"ak_js_1\" ).setAttribute( \"value\", ( new Date() ).getTime() );<\/script><\/p><\/form>\n<\/div>\n<p>&nbsp;<\/p>\n<p>&nbsp;<\/p>\n","protected":false},"excerpt":{"rendered":"<p>Us presentem el Campus d&#8217;Estiu 2019. En aquesta edici\u00f3 reforcem la vessant de perfeccionament gimn\u00e0stic sense deixar de banda la diversitat d&#8217;activitats que ha caracteritzat el nostre campus en anys anteriors. El Campus s&#8217;estructura en dos apartats: El Campus gimn\u00e0stic i de perfeccionament, i el campus esportiu amb diverses activitats a m\u00e9s de la gimn\u00e0stica. &hellip; <\/p>\n<p class=\"link-more\"><a href=\"http:\/\/www.gimnasticterrassa.cat\/?page_id=1593\" class=\"more-link\">Continua llegint <span class=\"screen-reader-text\">\u00abCAMPUS D&#8217;ESTIU 2019\u00bb<\/span><\/a><\/p>\n","protected":false},"author":5,"featured_media":0,"parent":0,"menu_order":0,"comment_status":"open","ping_status":"closed","template":"","meta":{"jetpack_post_was_ever_published":false,"footnotes":""},"jetpack_sharing_enabled":true,"jetpack_shortlink":"https:\/\/wp.me\/P5M9VU-pH","_links":{"self":[{"href":"http:\/\/www.gimnasticterrassa.cat\/index.php?rest_route=\/wp\/v2\/pages\/1593"}],"collection":[{"href":"http:\/\/www.gimnasticterrassa.cat\/index.php?rest_route=\/wp\/v2\/pages"}],"about":[{"href":"http:\/\/www.gimnasticterrassa.cat\/index.php?rest_route=\/wp\/v2\/types\/page"}],"author":[{"embeddable":true,"href":"http:\/\/www.gimnasticterrassa.cat\/index.php?rest_route=\/wp\/v2\/users\/5"}],"replies":[{"embeddable":true,"href":"http:\/\/www.gimnasticterrassa.cat\/index.php?rest_route=%2Fwp%2Fv2%2Fcomments&post=1593"}],"version-history":[{"count":11,"href":"http:\/\/www.gimnasticterrassa.cat\/index.php?rest_route=\/wp\/v2\/pages\/1593\/revisions"}],"predecessor-version":[{"id":2131,"href":"http:\/\/www.gimnasticterrassa.cat\/index.php?rest_route=\/wp\/v2\/pages\/1593\/revisions\/2131"}],"wp:attachment":[{"href":"http:\/\/www.gimnasticterrassa.cat\/index.php?rest_route=%2Fwp%2Fv2%2Fmedia&parent=1593"}],"curies":[{"name":"wp","href":"https:\/\/api.w.org\/{rel}","templated":true}]}}