{"id":6577,"date":"2026-03-08T22:20:11","date_gmt":"2026-03-08T21:20:11","guid":{"rendered":"https:\/\/www.gimnasticterrassa.cat\/?page_id=6577"},"modified":"2026-03-09T18:57:43","modified_gmt":"2026-03-09T17:57:43","slug":"campus-de-setmana-santa-2026","status":"publish","type":"page","link":"https:\/\/www.gimnasticterrassa.cat\/?page_id=6577","title":{"rendered":"Campus de Setmana Santa 2026"},"content":{"rendered":"\n<figure class=\"wp-block-image size-large\"><a href=\"https:\/\/www.gimnasticterrassa.cat\/wp-content\/uploads\/2026\/03\/Cartell-setmana-santa-2026.jpeg\"><img loading=\"lazy\" decoding=\"async\" width=\"819\" height=\"1024\" data-attachment-id=\"6581\" data-permalink=\"https:\/\/www.gimnasticterrassa.cat\/?attachment_id=6581\" data-orig-file=\"https:\/\/www.gimnasticterrassa.cat\/wp-content\/uploads\/2026\/03\/Cartell-setmana-santa-2026.jpeg\" data-orig-size=\"1280,1600\" data-comments-opened=\"1\" data-image-meta=\"{&quot;aperture&quot;:&quot;0&quot;,&quot;credit&quot;:&quot;&quot;,&quot;camera&quot;:&quot;&quot;,&quot;caption&quot;:&quot;&quot;,&quot;created_timestamp&quot;:&quot;0&quot;,&quot;copyright&quot;:&quot;&quot;,&quot;focal_length&quot;:&quot;0&quot;,&quot;iso&quot;:&quot;0&quot;,&quot;shutter_speed&quot;:&quot;0&quot;,&quot;title&quot;:&quot;&quot;,&quot;orientation&quot;:&quot;0&quot;}\" data-image-title=\"Cartell-setmana-santa-2026\" data-image-description=\"\" data-image-caption=\"\" data-medium-file=\"https:\/\/www.gimnasticterrassa.cat\/wp-content\/uploads\/2026\/03\/Cartell-setmana-santa-2026-240x300.jpeg\" data-large-file=\"https:\/\/www.gimnasticterrassa.cat\/wp-content\/uploads\/2026\/03\/Cartell-setmana-santa-2026-819x1024.jpeg\" src=\"https:\/\/www.gimnasticterrassa.cat\/wp-content\/uploads\/2026\/03\/Cartell-setmana-santa-2026-819x1024.jpeg\" alt=\"\" class=\"wp-image-6581\" srcset=\"https:\/\/www.gimnasticterrassa.cat\/wp-content\/uploads\/2026\/03\/Cartell-setmana-santa-2026-819x1024.jpeg 819w, https:\/\/www.gimnasticterrassa.cat\/wp-content\/uploads\/2026\/03\/Cartell-setmana-santa-2026-240x300.jpeg 240w, https:\/\/www.gimnasticterrassa.cat\/wp-content\/uploads\/2026\/03\/Cartell-setmana-santa-2026-768x960.jpeg 768w, https:\/\/www.gimnasticterrassa.cat\/wp-content\/uploads\/2026\/03\/Cartell-setmana-santa-2026-1229x1536.jpeg 1229w, https:\/\/www.gimnasticterrassa.cat\/wp-content\/uploads\/2026\/03\/Cartell-setmana-santa-2026.jpeg 1280w\" sizes=\"(max-width: 706px) 89vw, (max-width: 767px) 82vw, 740px\" \/><\/a><\/figure>\n\n\n\n<p>Us informem que enguany, com ja \u00e9s tradicional, amb motiu de les vacances de\u00a0Setmana Santa, el Club Gimn\u00e0stic Terrassa organitza el seu\u00a0<strong>Campus de Setmana Santa<\/strong>, per tal que les nenes i nens s\u00f2cies o no s\u00f2cies del club, puguin continuar fent activitat i gaudint de la gimn\u00e0stica aquests dies.<\/p>\n\n\n\n<p>El&nbsp;Campus&nbsp;es dur\u00e0 a terme els dies 30 i 31 de mar\u00e7 i 1 d&#8217;abril de 2026 en horari de 9 a 13:30 (amb flexibilitat en l\u2019entrada i la sortida, en cas que sigui necessari) i possibilitat de fer migdies (de 13.30 a 15.30) i tardes (de 15.30 a 17.00). En cas que hi tingueu inter\u00e8s, sisplau indiqueu-nos-ho en el formulari. <\/p>\n\n\n\n<p>Aquest campus estar\u00e0 centrat en la gimn\u00e0stica art\u00edstica, i te per objectiu la millora i perfeccionament dels aprenentatges assolits al llarg del curs, o el coneixement de noves t\u00e8cniques, combinat amb alguna altra activitat realitzada a les instal\u00b7lacions del club.<\/p>\n\n\n\n<p>No \u00e9s imprescindible inscriure\u2019s al&nbsp;campus&nbsp;complet, pot ser per dies.&nbsp;El preu per dia ser\u00e0 de 15\u20ac per socis i 17,50 \u20ac per no socis. Migdies, sense dinar incl\u00f2s (que s&#8217;haur\u00e0 de portar de casa), de 2 \u20ac, i tarda, de 15.30 a 17.30 de 5 \u20ac.  <\/p>\n\n\n\n<p>Us adjuntem el formulari d\u2019inscripci\u00f3, per tal que l\u2019empleneu si hi teniu inter\u00e8s.<\/p>\n\n\n\n<p><a href=\"https:\/\/forms.gle\/qGt2uYkNU8qD9XKd8\">https:\/\/forms.gle\/qGt2uYkNU8qD9XKd8<\/a><\/p>\n","protected":false},"excerpt":{"rendered":"<p>Us informem que enguany, com ja \u00e9s tradicional, amb motiu de les vacances de\u00a0Setmana Santa, el Club Gimn\u00e0stic Terrassa organitza el seu\u00a0Campus de Setmana Santa, per tal que les nenes i nens s\u00f2cies o no s\u00f2cies del club, puguin continuar fent activitat i gaudint de la gimn\u00e0stica aquests dies. El&nbsp;Campus&nbsp;es dur\u00e0 a terme els dies &hellip; <\/p>\n<p class=\"link-more\"><a href=\"https:\/\/www.gimnasticterrassa.cat\/?page_id=6577\" class=\"more-link\">Continua llegint <span class=\"screen-reader-text\">\u00abCampus de Setmana Santa 2026\u00bb<\/span><\/a><\/p>\n","protected":false},"author":1,"featured_media":0,"parent":0,"menu_order":0,"comment_status":"closed","ping_status":"closed","template":"","meta":{"jetpack_post_was_ever_published":false,"footnotes":""},"jetpack_sharing_enabled":true,"jetpack_shortlink":"https:\/\/wp.me\/P5M9VU-1I5","_links":{"self":[{"href":"https:\/\/www.gimnasticterrassa.cat\/index.php?rest_route=\/wp\/v2\/pages\/6577"}],"collection":[{"href":"https:\/\/www.gimnasticterrassa.cat\/index.php?rest_route=\/wp\/v2\/pages"}],"about":[{"href":"https:\/\/www.gimnasticterrassa.cat\/index.php?rest_route=\/wp\/v2\/types\/page"}],"author":[{"embeddable":true,"href":"https:\/\/www.gimnasticterrassa.cat\/index.php?rest_route=\/wp\/v2\/users\/1"}],"replies":[{"embeddable":true,"href":"https:\/\/www.gimnasticterrassa.cat\/index.php?rest_route=%2Fwp%2Fv2%2Fcomments&post=6577"}],"version-history":[{"count":4,"href":"https:\/\/www.gimnasticterrassa.cat\/index.php?rest_route=\/wp\/v2\/pages\/6577\/revisions"}],"predecessor-version":[{"id":6583,"href":"https:\/\/www.gimnasticterrassa.cat\/index.php?rest_route=\/wp\/v2\/pages\/6577\/revisions\/6583"}],"wp:attachment":[{"href":"https:\/\/www.gimnasticterrassa.cat\/index.php?rest_route=%2Fwp%2Fv2%2Fmedia&parent=6577"}],"curies":[{"name":"wp","href":"https:\/\/api.w.org\/{rel}","templated":true}]}}