{"id":6588,"date":"2026-03-09T19:14:10","date_gmt":"2026-03-09T18:14:10","guid":{"rendered":"https:\/\/www.gimnasticterrassa.cat\/?page_id=6588"},"modified":"2026-03-09T19:15:31","modified_gmt":"2026-03-09T18:15:31","slug":"viii-torneig-del-club-16-i-17-de-maig-de-2026","status":"publish","type":"page","link":"https:\/\/www.gimnasticterrassa.cat\/?page_id=6588","title":{"rendered":"VIII Torneig del Club (16 i 17 de maig de 2026)"},"content":{"rendered":"\n<figure class=\"wp-block-image size-large\"><a href=\"http:\/\/www.gimnasticterrassa.cat\/wp-content\/uploads\/2025\/05\/cartell_torneig.jpg\"><img loading=\"lazy\" decoding=\"async\" width=\"1024\" height=\"436\" data-attachment-id=\"5739\" data-permalink=\"https:\/\/www.gimnasticterrassa.cat\/?attachment_id=5739\" data-orig-file=\"https:\/\/www.gimnasticterrassa.cat\/wp-content\/uploads\/2025\/05\/cartell_torneig.jpg\" data-orig-size=\"1772,754\" data-comments-opened=\"1\" data-image-meta=\"{&quot;aperture&quot;:&quot;0&quot;,&quot;credit&quot;:&quot;&quot;,&quot;camera&quot;:&quot;&quot;,&quot;caption&quot;:&quot;&quot;,&quot;created_timestamp&quot;:&quot;0&quot;,&quot;copyright&quot;:&quot;&quot;,&quot;focal_length&quot;:&quot;0&quot;,&quot;iso&quot;:&quot;0&quot;,&quot;shutter_speed&quot;:&quot;0&quot;,&quot;title&quot;:&quot;&quot;,&quot;orientation&quot;:&quot;0&quot;}\" data-image-title=\"cartell_torneig\" data-image-description=\"\" data-image-caption=\"\" data-medium-file=\"https:\/\/www.gimnasticterrassa.cat\/wp-content\/uploads\/2025\/05\/cartell_torneig-300x128.jpg\" data-large-file=\"https:\/\/www.gimnasticterrassa.cat\/wp-content\/uploads\/2025\/05\/cartell_torneig-1024x436.jpg\" src=\"http:\/\/www.gimnasticterrassa.cat\/wp-content\/uploads\/2025\/05\/cartell_torneig-1024x436.jpg\" alt=\"\" class=\"wp-image-5739\" srcset=\"https:\/\/www.gimnasticterrassa.cat\/wp-content\/uploads\/2025\/05\/cartell_torneig-1024x436.jpg 1024w, https:\/\/www.gimnasticterrassa.cat\/wp-content\/uploads\/2025\/05\/cartell_torneig-300x128.jpg 300w, https:\/\/www.gimnasticterrassa.cat\/wp-content\/uploads\/2025\/05\/cartell_torneig-768x327.jpg 768w, https:\/\/www.gimnasticterrassa.cat\/wp-content\/uploads\/2025\/05\/cartell_torneig-1536x654.jpg 1536w, https:\/\/www.gimnasticterrassa.cat\/wp-content\/uploads\/2025\/05\/cartell_torneig.jpg 1772w\" sizes=\"(max-width: 706px) 89vw, (max-width: 767px) 82vw, 740px\" \/><\/a><\/figure>\n\n\n\n<p>Us presentem el vuit\u00e8 torneig del Gimn\u00e0stic Terrassa de gimn\u00e0stica art\u00edstica femenina, torneig de primavera. En aquesta sisena edici\u00f3 mantenim el format de les anteriors amb l\u2019objectiu de poder donar acollida i protagonisme a gimnastes que habitualment no el tenen, com s\u00f3n les que es troben en nivells de gimn\u00e0stica general i inicis d\u2019edat escolar, que encara no han arribat a competici\u00f3 federada, i alhora nivells d\u2019Escolars i Base.<\/p>\n\n\n\n<p>Volem oferir un al\u00b7licient a les nenes i joves que practiquen gimn\u00e0stica com a activitat extraescolar o pr\u00e8via a competici\u00f3, per\u00f2 que ho fan amb les mateixes ganes i il\u00b7lusi\u00f3 que qualsevol altra gimnasta de nivell m\u00e9s elevat. \u00c9s per aix\u00f2 que hem dissenyat una competici\u00f3 amb tres aparells, salt, barra i terra, descartant asim\u00e8triques que \u00e9s l\u2019aparell m\u00e9s complex.<\/p>\n\n\n\n<p>I alhora volem donar protagonisme tamb\u00e9 a les gimnastes dels nivells d\u2019Edat Escolar i Base, que podran competir en els nivells que estan fent aquesta temporada o superiors, en funci\u00f3 de la planificaci\u00f3 esportiva del club.<\/p>\n\n\n\n<p>Hem elaborat una normativa espec\u00edfica per a les gimnastes de generals, adaptada a aquest col\u00b7lectiu de gimnastes, en la qual establim uns requisits de refer\u00e8ncia, que serviran de base per establir les puntuacions.<\/p>\n\n\n\n<p>L\u2019objectiu, en tots els nivells i categories, \u00e9s donar protagonisme a totes les que participin. Totes tindran guard\u00f3 sense distinci\u00f3, per qu\u00e8 l\u2019objectiu de la competici\u00f3 \u00e9s destacar-les a totes en el seu conjunt.<\/p>\n\n\n\n<p>La inscripci\u00f3 inclou asseguran\u00e7a d\u2019accidents, amb una cobertura an\u00e0loga a la que pugui tenir la llic\u00e8ncia federativa.<\/p>\n\n\n\n<p>Us adjuntem tota la informaci\u00f3 relativa al torneig, que durem a terme el cap de setmana del 16 i 17 de maig de 2026. Els horaris i durada del mateix aniran en funci\u00f3 del nombre d\u2019inscrites.<\/p>\n\n\n\n<p>Les inscripcions tenen un preu de 25 \u20ac, que inclouen asseguran\u00e7a d\u2019accidents, guardons i tota la despesa associada al torneig.<\/p>\n\n\n\n<p>Per regular l\u2019acc\u00e9s establirem un preu d\u2019entrada per a majors de 12 anys de 3 \u20ac i ser\u00e0 gratu\u00eft fins aquesta edat. Per tal de gestionar de forma m\u00e9s eficient l\u2019acc\u00e9s establirem un sistema de reserva pr\u00e8via, que us detallarem un cop el club faci la inscripci\u00f3.<\/p>\n\n\n\n<p>Les places del torneig s\u00f3n limitades, i s\u2019acceptaran per ordre d\u2019arribada del mail al club.<\/p>\n\n\n\n<p><strong>ESTRUCTURA DEL TORNEIG<\/strong><\/p>\n\n\n\n<figure class=\"wp-block-table\"><table><tbody><tr><td colspan=\"3\"><strong>NIVELLS I EDATS NO FEDERATIUS<\/strong><\/td><\/tr><tr><td>Nivell rosa<\/td><td rowspan=\"3\">I5, 1er i 2n<\/td><td rowspan=\"3\">5- 6 -7 anys<\/td><\/tr><tr><td>&#8211;&nbsp;&nbsp;&nbsp;&nbsp;&nbsp;&nbsp;&nbsp;&nbsp;&nbsp; Categoria A<\/td><\/tr><tr><td>&#8211;&nbsp;&nbsp;&nbsp;&nbsp;&nbsp;&nbsp;&nbsp;&nbsp;&nbsp; Categoria B<\/td><\/tr><tr><td>Nivell blau<\/td><td rowspan=\"3\">3r i 4t<\/td><td rowspan=\"3\">8 \u2013 9 anys<\/td><\/tr><tr><td>&#8211;&nbsp;&nbsp;&nbsp;&nbsp;&nbsp;&nbsp;&nbsp;&nbsp;&nbsp; Categoria A<\/td><\/tr><tr><td>&#8211;&nbsp;&nbsp;&nbsp;&nbsp;&nbsp;&nbsp;&nbsp;&nbsp;&nbsp; Categoria B<\/td><\/tr><tr><td>Nivell verd<\/td><td rowspan=\"3\">5\u00e9 i 6\u00e9<\/td><td rowspan=\"3\">10-11 anys<\/td><\/tr><tr><td>&#8211;&nbsp;&nbsp;&nbsp;&nbsp;&nbsp;&nbsp;&nbsp;&nbsp;&nbsp; Categoria A<\/td><\/tr><tr><td>&#8211;&nbsp;&nbsp;&nbsp;&nbsp;&nbsp;&nbsp;&nbsp;&nbsp;&nbsp; Categoria B<\/td><\/tr><tr><td>Nivell taronja<\/td><td rowspan=\"3\">1r i 2n ESO<\/td><td rowspan=\"3\">12-13 anys<\/td><\/tr><tr><td>&#8211;&nbsp;&nbsp;&nbsp;&nbsp;&nbsp;&nbsp;&nbsp;&nbsp;&nbsp; Categoria A<\/td><\/tr><tr><td>&#8211;&nbsp;&nbsp;&nbsp;&nbsp;&nbsp;&nbsp;&nbsp;&nbsp;&nbsp; Categoria B<\/td><\/tr><tr><td>Nivell&nbsp; groc<\/td><td rowspan=\"3\">3r en endavant<\/td><td rowspan=\"3\">14 en endavant<\/td><\/tr><tr><td>&#8211;&nbsp;&nbsp;&nbsp;&nbsp;&nbsp;&nbsp;&nbsp;&nbsp;&nbsp; Categoria A<\/td><\/tr><tr><td>&#8211;&nbsp;&nbsp;&nbsp;&nbsp;&nbsp;&nbsp;&nbsp;&nbsp;&nbsp; Categoria B<\/td><\/tr><tr><td colspan=\"3\"><strong>NIVELLS FEDERATIUS<\/strong><\/td><\/tr><tr><td>Nivells Base: 1, 2, 3, 4, 5, 6<\/td><td>Sense diferenciar petites, mitjanes i grans<\/td><td>&nbsp;<\/td><\/tr><tr><td>Nivells Edat Escolar 4 aparells<\/td><td>Grans i petites*<\/td><td>&nbsp;<\/td><\/tr><\/tbody><\/table><\/figure>\n\n\n\n<p><strong>CATEGORIA A: Gimnastes que participen en Jocs Escolars de Consell Esportiu<\/strong><\/p>\n\n\n\n<p><strong>CATEGORIA B: Gimnastes que no participen a Consell<\/strong><\/p>\n\n\n\n<p>*Fins a 14 anys, petites, i m\u00e9s grans de 14, grans.<\/p>\n\n\n\n<p><strong>DATES DE CELEBRACI\u00d3<\/strong><\/p>\n\n\n\n<p>Dissabte 16 i diumenge 17 de de maig de 2026<\/p>\n\n\n\n<p><strong>LLOC<\/strong><br>Pavell\u00f3 del Club Gimn\u00e0stic Terrassa<br>Carrer Sabadell s\/n, 08225, Terrassa<\/p>\n\n\n\n<p><strong>Data l\u00edmit d\u2019inscripci\u00f3: 18 d&#8217;abril de 2026 (o fins esgotar places)<\/strong><\/p>\n\n\n\n<p>Per formalitzar la inscripci\u00f3 cal que ens envieu un mail amb el nombre de gimnastes per categoria, i alhora cal que ens empleneu el formulari del seg\u00fcent enlla\u00e7 per cada gimnasta inscrita. Podeu inscriure gimnastes de forma individual fins la data l\u00edmit, sense l\u00edmit de gimnastes per club.<\/p>\n\n\n\n<p>Cal que s\u2019inscrigui un m\u00ednim d\u2019una entrenadora per club. En l\u2019heu de comunicar via mail i es podran modificar i\/o ampliar fins la data de la competici\u00f3.<\/p>\n\n\n\n<p>Les places del torneig s\u00f3n limitades i s\u2019atendran per ordre d\u2019inscripci\u00f3<\/p>\n\n\n\n<p><a href=\"https:\/\/forms.gle\/LFd5tWdtSES2XJrA9\">https:\/\/forms.gle\/LFd5tWdtSES2XJrA9<\/a><\/p>\n\n\n\n<p><strong>LA INSCRIPCI\u00d3 INCLOU<\/strong><br>Participaci\u00f3 a la competici\u00f3.<br>Copa al 1r,2n,3r equip classificat de cada nivell i categoria<br>Medalla a les 3 primeres classificades per aparells i a les 3 primeres classificades individuals per cada nivell i categoria, i per a totes les gimnastes participants.<br>Asseguran\u00e7a d\u2019accidents<br><\/p>\n\n\n\n<p><strong>COMPETICIONS<\/strong><br>En funci\u00f3 del nombre d\u2019inscripcions el programa es limitar\u00e0 a dissabte o s\u2019estendr\u00e0 tamb\u00e9 a diumenge<br><\/p>\n\n\n\n<p>NIVELLS NO FEDERATIUS: S\u2019utilitzar\u00e0 coma m\u00fasica obligat\u00f2ria la del Consell Esportiu, sigui per gimnastes de consell com no, en nivells rosa i blau. La resta de nivells pot ser la mateixa que l\u2019anterior o lliure. Cal que les m\u00fasiques lliures siguin enviades al club per mail fins el <strong>6 de maig.<\/strong> En cas que no disposeu de la m\u00fasica de Consell digueu-nos-ho i us l\u2019enviarem<\/p>\n\n\n\n<p>NIVELLS FEDERATIUS: La m\u00fasica \u00e9s la obligat\u00f2ria de la Federaci\u00f3 (excepte clubs de fora de Catalunya, que \u00e9s lliure). En Escolars D i E i Base 5 i 6, que \u00e9s lliure. Lliurament fins el 6 de maig. La normativa federativa \u00e9s la de 2026.<\/p>\n\n\n\n<p><\/p>\n\n\n\n<p><strong>EQUIPS<\/strong><br>Els equips estaran formats per totes les gimnastes d\u2019un club de la mateixa categoria. La classificaci\u00f3 per equips es far\u00e0 sumant la puntuaci\u00f3 de les 4 millors notes per aparells de cada equip<br><\/p>\n\n\n\n<p><strong>APARELLS<\/strong><br>En els nivells d\u2019Edat Escolar es competeix en 4 aparells, tot i que tamb\u00e9 es podr\u00e0 fer nom\u00e9s en 3, si aix\u00ed s\u2019indica a la inscripci\u00f3. Tot i fer 3 aparells les gimnastes estaran en la mateixa categoria que les de 4 a nivell d\u2019equips i de classificaci\u00f3 individual.<br><\/p>\n\n\n\n<p><strong>NORMATIVA<\/strong><br>Per als nivells rosa al groc hem elaborat una normativa espec\u00edfica. Per a nivell d\u2019Escolars \u00e9s normativa de Federaci\u00f3 Catalana i Base normativa de la Federaci\u00f3 Espanyola.<br><\/p>\n\n\n\n<p><strong>ENTRADES<\/strong><br>Preu adults: 3\u20ac<br>Preu infantil (fins als 12): gratu\u00eft<br><\/p>\n\n\n\n<p><strong>PAGAMENT<\/strong><br>Un cop enviada la confirmaci\u00f3 de la vostra inscripci\u00f3 us facilitarem el compte on fer l\u2019ingr\u00e9s i us indicarem les dades necess\u00e0ries. Aquest s\u2019haur\u00e0 de dur a terme abans del 9 de maig de 2026<\/p>\n\n\n\n<p><strong>PROGRAMA I ROTACIONS<\/strong><br>El programa de la competici\u00f3 s\u2019enviar\u00e0 el dia 30 d&#8217;abril de 2026<\/p>\n\n\n\n<p>Les rotacions de les participants s\u2019enviar\u00e0 m\u00e0xim el dia 8 de maig de 2026<\/p>\n","protected":false},"excerpt":{"rendered":"<p>Us presentem el vuit\u00e8 torneig del Gimn\u00e0stic Terrassa de gimn\u00e0stica art\u00edstica femenina, torneig de primavera. En aquesta sisena edici\u00f3 mantenim el format de les anteriors amb l\u2019objectiu de poder donar acollida i protagonisme a gimnastes que habitualment no el tenen, com s\u00f3n les que es troben en nivells de gimn\u00e0stica general i inicis d\u2019edat escolar, &hellip; <\/p>\n<p class=\"link-more\"><a href=\"https:\/\/www.gimnasticterrassa.cat\/?page_id=6588\" class=\"more-link\">Continua llegint <span class=\"screen-reader-text\">\u00abVIII Torneig del Club (16 i 17 de maig de 2026)\u00bb<\/span><\/a><\/p>\n","protected":false},"author":1,"featured_media":0,"parent":0,"menu_order":0,"comment_status":"closed","ping_status":"closed","template":"","meta":{"jetpack_post_was_ever_published":false,"footnotes":""},"jetpack_sharing_enabled":true,"jetpack_shortlink":"https:\/\/wp.me\/P5M9VU-1Ig","_links":{"self":[{"href":"https:\/\/www.gimnasticterrassa.cat\/index.php?rest_route=\/wp\/v2\/pages\/6588"}],"collection":[{"href":"https:\/\/www.gimnasticterrassa.cat\/index.php?rest_route=\/wp\/v2\/pages"}],"about":[{"href":"https:\/\/www.gimnasticterrassa.cat\/index.php?rest_route=\/wp\/v2\/types\/page"}],"author":[{"embeddable":true,"href":"https:\/\/www.gimnasticterrassa.cat\/index.php?rest_route=\/wp\/v2\/users\/1"}],"replies":[{"embeddable":true,"href":"https:\/\/www.gimnasticterrassa.cat\/index.php?rest_route=%2Fwp%2Fv2%2Fcomments&post=6588"}],"version-history":[{"count":2,"href":"https:\/\/www.gimnasticterrassa.cat\/index.php?rest_route=\/wp\/v2\/pages\/6588\/revisions"}],"predecessor-version":[{"id":6591,"href":"https:\/\/www.gimnasticterrassa.cat\/index.php?rest_route=\/wp\/v2\/pages\/6588\/revisions\/6591"}],"wp:attachment":[{"href":"https:\/\/www.gimnasticterrassa.cat\/index.php?rest_route=%2Fwp%2Fv2%2Fmedia&parent=6588"}],"curies":[{"name":"wp","href":"https:\/\/api.w.org\/{rel}","templated":true}]}}